{"id":24821,"date":"2016-03-15T12:15:31","date_gmt":"2016-03-15T11:15:31","guid":{"rendered":"https:\/\/www.ibcspain.com\/beta\/?page_id=24821"},"modified":"2022-02-10T12:08:31","modified_gmt":"2022-02-10T11:08:31","slug":"nouvelles","status":"publish","type":"page","link":"https:\/\/www.ibcspain.com\/fr\/nouvelles\/","title":{"rendered":"Nouvelles"},"content":{"rendered":"<section class=\"wpb-content-wrapper\"><p>[vc_row][vc_column]<div class=\"blog blog-style-default clearfix item-animation-move-up\" data-next-page=\"0\">\n<article id=\"post-25274\" class=\"item-animations-not-inited post-25274 post type-post status-publish format-standard has-post-thumbnail category-non-classifiee\"> <div class=\"item-post-container\"> <div class=\"item-post clearfix\"> <div class=\"post-image\"><div class=\"post-featured-content\"><a href=\"https:\/\/www.ibcspain.com\/fr\/comment-preparer-un-voyage-daffaires-en-afrique\/\"> <picture> <img decoding=\"async\" src=\"https:\/\/www.ibcspain.com\/wp-content\/uploads\/2022\/05\/image.png\" width=\"775\" height=\"407\" class=\"img-responsive\" alt=\"image\" \/> <\/picture> <\/a><\/div><\/div> <div class=\"post-meta date-color\"> <div class=\"entry-meta clearfix gem-post-date\"> <div class=\"post-meta-right\"> <span class=\"comments-link\"><a href=\"https:\/\/www.ibcspain.com\/fr\/comment-preparer-un-voyage-daffaires-en-afrique\/#respond\">0<\/a><\/span> <\/div> <div class=\"post-meta-left\"> <span class=\"post-meta-author\">By Navin Khemlani<\/span> <span class=\"sep\"><\/span> <span class=\"post-meta-categories\"><a href=\"https:\/\/www.ibcspain.com\/fr\/categoria\/non-classifiee\/\" title=\"View all posts in Non classifi\u00e9(e)\">Non classifi\u00e9(e)<\/a><\/span> <\/div> <\/div><!-- .entry-meta --> <\/div> <div class=\"post-title\"> <h3 class=\"entry-title\"><a href=\"https:\/\/www.ibcspain.com\/fr\/comment-preparer-un-voyage-daffaires-en-afrique\/\" rel=\"bookmark\"><span class=\"entry-title-date\">06 Mai: <\/span><span class=\"light\">Comment pr\u00e9parer un voyage d&#8217;affaires en Afrique<\/span><\/a><\/h3> <\/div> <div class=\"post-text\"> <div class=\"summary\"> <p>Apr\u00e8s deux ann\u00e9es de pand\u00e9mie, il semble que cette ann\u00e9e 2022 les voyages d&#8217;affaires reprennent pour la prospection des march\u00e9s,&#8230;<\/p> <\/div> <\/div> <div class=\"post-footer\"> <div class=\"post-footer-sharing\"><div class=\"gem-button-container gem-button-position-inline thegem-button-69f0f22fb31482871\" ><a class=\"gem-button gem-button-size-tiny gem-button-style-flat gem-button-text-weight-normal gem-button-empty\"data-ll-effect=\"drop-right-without-wrap\" style=\"border-radius: 3px;\" onmouseleave=\"\" onmouseenter=\"\" href=\"#\" target=\"_self\"><i class=\"gem-print-icon gem-icon-pack-thegem-icons gem-icon-share \"><\/i><\/a><\/div> <div class=\"sharing-popup\"> <div class=\"socials-sharing socials socials-colored-hover\"> <a class=\"socials-item\" target=\"_blank\" href=\"https:\/\/www.facebook.com\/sharer\/sharer.php?u=https%3A%2F%2Fwww.ibcspain.com%2Ffr%2Fcomment-preparer-un-voyage-daffaires-en-afrique%2F\" title=\"Facebook\"><i class=\"socials-item-icon facebook\"><\/i><\/a> <a class=\"socials-item\" target=\"_blank\" href=\"https:\/\/twitter.com\/intent\/tweet?text=Comment+pr%C3%A9parer+un+voyage+d%26%238217%3Baffaires+en+Afrique&#038;url=https%3A%2F%2Fwww.ibcspain.com%2Ffr%2Fcomment-preparer-un-voyage-daffaires-en-afrique%2F\" title=\"Twitter\"><i class=\"socials-item-icon twitter\"><\/i><\/a> <a class=\"socials-item\" target=\"_blank\" href=\"https:\/\/pinterest.com\/pin\/create\/button\/?url=https%3A%2F%2Fwww.ibcspain.com%2Ffr%2Fcomment-preparer-un-voyage-daffaires-en-afrique%2F&#038;description=Comment+pr%C3%A9parer+un+voyage+d%26%238217%3Baffaires+en+Afrique&#038;media=https%3A%2F%2Fwww.ibcspain.com%2Fwp-content%2Fuploads%2F2022%2F05%2Fimage-thegem-blog-timeline-large.png\" title=\"Pinterest\"><i class=\"socials-item-icon pinterest\"><\/i><\/a> <a class=\"socials-item\" target=\"_blank\" href=\"http:\/\/tumblr.com\/widgets\/share\/tool?canonicalUrl=https%3A%2F%2Fwww.ibcspain.com%2Ffr%2Fcomment-preparer-un-voyage-daffaires-en-afrique%2F\" title=\"Tumblr\"><i class=\"socials-item-icon tumblr\"><\/i><\/a> <a class=\"socials-item\" target=\"_blank\" href=\"https:\/\/www.linkedin.com\/shareArticle?mini=true&#038;url=https%3A%2F%2Fwww.ibcspain.com%2Ffr%2Fcomment-preparer-un-voyage-daffaires-en-afrique%2F&#038;title=Comment+pr%C3%A9parer+un+voyage+d%26%238217%3Baffaires+en+Afrique&amp;summary=Apr%C3%A8s+deux+ann%C3%A9es+de+pand%C3%A9mie%2C+il+semble+que+cette+ann%C3%A9e+2022+les+voyages+d%26%238217%3Baffaires+reprennent+pour+la+prospection+des+march%C3%A9s%2C...\" title=\"LinkedIn\"><i class=\"socials-item-icon linkedin\"><\/i><\/a> <a class=\"socials-item\" target=\"_blank\" href=\"https:\/\/www.reddit.com\/submit?url=https%3A%2F%2Fwww.ibcspain.com%2Ffr%2Fcomment-preparer-un-voyage-daffaires-en-afrique%2F&#038;title=Comment+pr%C3%A9parer+un+voyage+d%26%238217%3Baffaires+en+Afrique\" title=\"Reddit\"><i class=\"socials-item-icon reddit\"><\/i><\/a> <\/div> <svg class=\"sharing-styled-arrow\"><use xlink:href=\"https:\/\/www.ibcspain.com\/wp-content\/themes\/thegem\/css\/post-arrow.svg#dec-post-arrow\"><\/use><\/svg><\/div><\/div> <div class=\"post-read-more\"><div class=\"gem-button-container gem-button-position-inline thegem-button-69f0f22fb89663336\" ><a class=\"gem-button gem-button-size-tiny gem-button-style-outline gem-button-text-weight-normal gem-button-border-2\"data-ll-effect=\"drop-right-without-wrap\" style=\"border-radius: 3px;\" onmouseleave=\"\" onmouseenter=\"\" href=\"https:\/\/www.ibcspain.com\/fr\/comment-preparer-un-voyage-daffaires-en-afrique\/\" target=\"_self\">Read More<\/a><\/div> <\/div> <\/div> <\/div> <\/div> <\/article><!-- #post-25274 --> <article id=\"post-24848\" class=\"item-animations-not-inited post-24848 post type-post status-publish format-standard has-post-thumbnail\"> <div class=\"item-post-container\"> <div class=\"item-post clearfix\"> <div class=\"post-image\"><div class=\"post-featured-content\"><a href=\"https:\/\/www.ibcspain.com\/fr\/agroislas-consigue-la-subvencion-canarias-aporta\/\"> <picture> <img decoding=\"async\" src=\"https:\/\/www.ibcspain.com\/wp-content\/uploads\/2022\/02\/LOGO-FONDO-TRANSPARENTE-thegem-blog-default-large.png\" width=\"1170\" height=\"540\" class=\"img-responsive\" alt=\"AGROISLAS\" \/> <\/picture> <\/a><\/div><\/div> <div class=\"post-meta date-color\"> <div class=\"entry-meta clearfix gem-post-date\"> <div class=\"post-meta-right\"> <span class=\"comments-link\"><a href=\"https:\/\/www.ibcspain.com\/fr\/agroislas-consigue-la-subvencion-canarias-aporta\/#respond\">0<\/a><\/span> <\/div> <div class=\"post-meta-left\"> <span class=\"post-meta-author\">By Navin Khemlani<\/span> <\/div> <\/div><!-- .entry-meta --> <\/div> <div class=\"post-title\"> <h3 class=\"entry-title\"><a href=\"https:\/\/www.ibcspain.com\/fr\/agroislas-consigue-la-subvencion-canarias-aporta\/\" rel=\"bookmark\"><span class=\"entry-title-date\">11 F\u00e9v: <\/span><span class=\"light\">Agroislas obtient le soutien du programme Canarias Aporta<\/span><\/a><\/h3> <\/div> <div class=\"post-text\"> <div class=\"summary\"> <p>L&#8217;entreprise AGROISLAS a obtenu le soutien de PROEXCA pour la phase de consolidation de son plan d&#8217;internationalisation \u00e0 travers le&#8230;<\/p> <\/div> <\/div> <div class=\"post-footer\"> <div class=\"post-footer-sharing\"><div class=\"gem-button-container gem-button-position-inline thegem-button-69f0f22fc13ad3402\" ><a class=\"gem-button gem-button-size-tiny gem-button-style-flat gem-button-text-weight-normal gem-button-empty\"data-ll-effect=\"drop-right-without-wrap\" style=\"border-radius: 3px;\" onmouseleave=\"\" onmouseenter=\"\" href=\"#\" target=\"_self\"><i class=\"gem-print-icon gem-icon-pack-thegem-icons gem-icon-share \"><\/i><\/a><\/div> <div class=\"sharing-popup\"> <div class=\"socials-sharing socials socials-colored-hover\"> <a class=\"socials-item\" target=\"_blank\" href=\"https:\/\/www.facebook.com\/sharer\/sharer.php?u=https%3A%2F%2Fwww.ibcspain.com%2Ffr%2Fagroislas-consigue-la-subvencion-canarias-aporta%2F\" title=\"Facebook\"><i class=\"socials-item-icon facebook\"><\/i><\/a> <a class=\"socials-item\" target=\"_blank\" href=\"https:\/\/twitter.com\/intent\/tweet?text=Agroislas+obtient+le+soutien+du+programme+Canarias+Aporta&#038;url=https%3A%2F%2Fwww.ibcspain.com%2Ffr%2Fagroislas-consigue-la-subvencion-canarias-aporta%2F\" title=\"Twitter\"><i class=\"socials-item-icon twitter\"><\/i><\/a> <a class=\"socials-item\" target=\"_blank\" href=\"https:\/\/pinterest.com\/pin\/create\/button\/?url=https%3A%2F%2Fwww.ibcspain.com%2Ffr%2Fagroislas-consigue-la-subvencion-canarias-aporta%2F&#038;description=Agroislas+obtient+le+soutien+du+programme+Canarias+Aporta&#038;media=https%3A%2F%2Fwww.ibcspain.com%2Fwp-content%2Fuploads%2F2022%2F02%2FLOGO-FONDO-TRANSPARENTE-thegem-blog-timeline-large.png\" title=\"Pinterest\"><i class=\"socials-item-icon pinterest\"><\/i><\/a> <a class=\"socials-item\" target=\"_blank\" href=\"http:\/\/tumblr.com\/widgets\/share\/tool?canonicalUrl=https%3A%2F%2Fwww.ibcspain.com%2Ffr%2Fagroislas-consigue-la-subvencion-canarias-aporta%2F\" title=\"Tumblr\"><i class=\"socials-item-icon tumblr\"><\/i><\/a> <a class=\"socials-item\" target=\"_blank\" href=\"https:\/\/www.linkedin.com\/shareArticle?mini=true&#038;url=https%3A%2F%2Fwww.ibcspain.com%2Ffr%2Fagroislas-consigue-la-subvencion-canarias-aporta%2F&#038;title=Agroislas+obtient+le+soutien+du+programme+Canarias+Aporta&amp;summary=L%26%238217%3Bentreprise+AGROISLAS+a+obtenu+le+soutien+de+PROEXCA+pour+la+phase+de+consolidation+de+son+plan+d%26%238217%3Binternationalisation+%C3%A0+travers+le...\" title=\"LinkedIn\"><i class=\"socials-item-icon linkedin\"><\/i><\/a> <a class=\"socials-item\" target=\"_blank\" href=\"https:\/\/www.reddit.com\/submit?url=https%3A%2F%2Fwww.ibcspain.com%2Ffr%2Fagroislas-consigue-la-subvencion-canarias-aporta%2F&#038;title=Agroislas+obtient+le+soutien+du+programme+Canarias+Aporta\" title=\"Reddit\"><i class=\"socials-item-icon reddit\"><\/i><\/a> <\/div> <svg class=\"sharing-styled-arrow\"><use xlink:href=\"https:\/\/www.ibcspain.com\/wp-content\/themes\/thegem\/css\/post-arrow.svg#dec-post-arrow\"><\/use><\/svg><\/div><\/div> <div class=\"post-read-more\"><div class=\"gem-button-container gem-button-position-inline thegem-button-69f0f22fc36156349\" ><a class=\"gem-button gem-button-size-tiny gem-button-style-outline gem-button-text-weight-normal gem-button-border-2\"data-ll-effect=\"drop-right-without-wrap\" style=\"border-radius: 3px;\" onmouseleave=\"\" onmouseenter=\"\" href=\"https:\/\/www.ibcspain.com\/fr\/agroislas-consigue-la-subvencion-canarias-aporta\/\" target=\"_self\">Read More<\/a><\/div> <\/div> <\/div> <\/div> <\/div> <\/article><!-- #post-24848 --> <article id=\"post-24835\" class=\"item-animations-not-inited post-24835 post type-post status-publish format-standard has-post-thumbnail\"> <div class=\"item-post-container\"> <div class=\"item-post clearfix\"> <div class=\"post-image\"><div class=\"post-featured-content\"><a href=\"https:\/\/www.ibcspain.com\/fr\/le-gouvernement-des-iles-canaries-presente-la-planification-strategique-canarias-africa-2022-2023-avec-le-soutien-dibc-espagne\/\"> <picture> <img decoding=\"async\" src=\"https:\/\/www.ibcspain.com\/wp-content\/uploads\/2022\/02\/20220120_ECEGobCan_CanariasAfrica_13-thegem-blog-default-large.jpg\" width=\"1170\" height=\"540\" class=\"img-responsive\" alt=\"Plan estrat\u00e9gico Canarias Africa 2022-2023\" \/> <\/picture> <\/a><\/div><\/div> <div class=\"post-meta date-color\"> <div class=\"entry-meta clearfix gem-post-date\"> <div class=\"post-meta-right\"> <span class=\"comments-link\"><a href=\"https:\/\/www.ibcspain.com\/fr\/le-gouvernement-des-iles-canaries-presente-la-planification-strategique-canarias-africa-2022-2023-avec-le-soutien-dibc-espagne\/#respond\">0<\/a><\/span> <\/div> <div class=\"post-meta-left\"> <span class=\"post-meta-author\">By Navin Khemlani<\/span> <\/div> <\/div><!-- .entry-meta --> <\/div> <div class=\"post-title\"> <h3 class=\"entry-title\"><a href=\"https:\/\/www.ibcspain.com\/fr\/le-gouvernement-des-iles-canaries-presente-la-planification-strategique-canarias-africa-2022-2023-avec-le-soutien-dibc-espagne\/\" rel=\"bookmark\"><span class=\"entry-title-date\">10 F\u00e9v: <\/span><span class=\"light\">Le gouvernement des \u00eeles Canaries pr\u00e9sente la planification strat\u00e9gique Canarias Africa 2022-2023 avec le soutien d&#8217;IBC Espagne<\/span><\/a><\/h3> <\/div> <div class=\"post-text\"> <div class=\"summary\"> <p>IBC Espagne a contribu\u00e9 \u00e0 l&#8217;\u00e9laboration de la nouvelle strat\u00e9gie de la Direction g\u00e9n\u00e9rale des affaires \u00e9conomiques avec l&#8217;Afrique du&#8230;<\/p> <\/div> <\/div> <div class=\"post-footer\"> <div class=\"post-footer-sharing\"><div class=\"gem-button-container gem-button-position-inline thegem-button-69f0f22fc7ea33151\" ><a class=\"gem-button gem-button-size-tiny gem-button-style-flat gem-button-text-weight-normal gem-button-empty\"data-ll-effect=\"drop-right-without-wrap\" style=\"border-radius: 3px;\" onmouseleave=\"\" onmouseenter=\"\" href=\"#\" target=\"_self\"><i class=\"gem-print-icon gem-icon-pack-thegem-icons gem-icon-share \"><\/i><\/a><\/div> <div class=\"sharing-popup\"> <div class=\"socials-sharing socials socials-colored-hover\"> <a class=\"socials-item\" target=\"_blank\" href=\"https:\/\/www.facebook.com\/sharer\/sharer.php?u=https%3A%2F%2Fwww.ibcspain.com%2Ffr%2Fle-gouvernement-des-iles-canaries-presente-la-planification-strategique-canarias-africa-2022-2023-avec-le-soutien-dibc-espagne%2F\" title=\"Facebook\"><i class=\"socials-item-icon facebook\"><\/i><\/a> <a class=\"socials-item\" target=\"_blank\" href=\"https:\/\/twitter.com\/intent\/tweet?text=Le+gouvernement+des+%C3%AEles+Canaries+pr%C3%A9sente+la+planification+strat%C3%A9gique+Canarias+Africa+2022-2023+avec+le+soutien+d%26%238217%3BIBC+Espagne&#038;url=https%3A%2F%2Fwww.ibcspain.com%2Ffr%2Fle-gouvernement-des-iles-canaries-presente-la-planification-strategique-canarias-africa-2022-2023-avec-le-soutien-dibc-espagne%2F\" title=\"Twitter\"><i class=\"socials-item-icon twitter\"><\/i><\/a> <a class=\"socials-item\" target=\"_blank\" href=\"https:\/\/pinterest.com\/pin\/create\/button\/?url=https%3A%2F%2Fwww.ibcspain.com%2Ffr%2Fle-gouvernement-des-iles-canaries-presente-la-planification-strategique-canarias-africa-2022-2023-avec-le-soutien-dibc-espagne%2F&#038;description=Le+gouvernement+des+%C3%AEles+Canaries+pr%C3%A9sente+la+planification+strat%C3%A9gique+Canarias+Africa+2022-2023+avec+le+soutien+d%26%238217%3BIBC+Espagne&#038;media=https%3A%2F%2Fwww.ibcspain.com%2Fwp-content%2Fuploads%2F2022%2F02%2F20220120_ECEGobCan_CanariasAfrica_13-thegem-blog-timeline-large.jpg\" title=\"Pinterest\"><i class=\"socials-item-icon pinterest\"><\/i><\/a> <a class=\"socials-item\" target=\"_blank\" href=\"http:\/\/tumblr.com\/widgets\/share\/tool?canonicalUrl=https%3A%2F%2Fwww.ibcspain.com%2Ffr%2Fle-gouvernement-des-iles-canaries-presente-la-planification-strategique-canarias-africa-2022-2023-avec-le-soutien-dibc-espagne%2F\" title=\"Tumblr\"><i class=\"socials-item-icon tumblr\"><\/i><\/a> <a class=\"socials-item\" target=\"_blank\" href=\"https:\/\/www.linkedin.com\/shareArticle?mini=true&#038;url=https%3A%2F%2Fwww.ibcspain.com%2Ffr%2Fle-gouvernement-des-iles-canaries-presente-la-planification-strategique-canarias-africa-2022-2023-avec-le-soutien-dibc-espagne%2F&#038;title=Le+gouvernement+des+%C3%AEles+Canaries+pr%C3%A9sente+la+planification+strat%C3%A9gique+Canarias+Africa+2022-2023+avec+le+soutien+d%26%238217%3BIBC+Espagne&amp;summary=IBC+Espagne+a+contribu%C3%A9+%C3%A0+l%26%238217%3B%C3%A9laboration+de+la+nouvelle+strat%C3%A9gie+de+la+Direction+g%C3%A9n%C3%A9rale+des+affaires+%C3%A9conomiques+avec+l%26%238217%3BAfrique+du...\" title=\"LinkedIn\"><i class=\"socials-item-icon linkedin\"><\/i><\/a> <a class=\"socials-item\" target=\"_blank\" href=\"https:\/\/www.reddit.com\/submit?url=https%3A%2F%2Fwww.ibcspain.com%2Ffr%2Fle-gouvernement-des-iles-canaries-presente-la-planification-strategique-canarias-africa-2022-2023-avec-le-soutien-dibc-espagne%2F&#038;title=Le+gouvernement+des+%C3%AEles+Canaries+pr%C3%A9sente+la+planification+strat%C3%A9gique+Canarias+Africa+2022-2023+avec+le+soutien+d%26%238217%3BIBC+Espagne\" title=\"Reddit\"><i class=\"socials-item-icon reddit\"><\/i><\/a> <\/div> <svg class=\"sharing-styled-arrow\"><use xlink:href=\"https:\/\/www.ibcspain.com\/wp-content\/themes\/thegem\/css\/post-arrow.svg#dec-post-arrow\"><\/use><\/svg><\/div><\/div> <div class=\"post-read-more\"><div class=\"gem-button-container gem-button-position-inline thegem-button-69f0f22fc9cb58532\" ><a class=\"gem-button gem-button-size-tiny gem-button-style-outline gem-button-text-weight-normal gem-button-border-2\"data-ll-effect=\"drop-right-without-wrap\" style=\"border-radius: 3px;\" onmouseleave=\"\" onmouseenter=\"\" href=\"https:\/\/www.ibcspain.com\/fr\/le-gouvernement-des-iles-canaries-presente-la-planification-strategique-canarias-africa-2022-2023-avec-le-soutien-dibc-espagne\/\" target=\"_self\">Read More<\/a><\/div> <\/div> <\/div> <\/div> <\/div> <\/article><!-- #post-24835 --> <article id=\"post-24842\" class=\"item-animations-not-inited post-24842 post type-post status-publish format-standard has-post-thumbnail\"> <div class=\"item-post-container\"> <div class=\"item-post clearfix\"> <div class=\"post-image\"><div class=\"post-featured-content\"><a href=\"https:\/\/www.ibcspain.com\/fr\/ibc-spain-estrena-su-web-corporativa\/\"> <picture> <img decoding=\"async\" src=\"https:\/\/www.ibcspain.com\/wp-content\/uploads\/2022\/02\/IBC-logo-thegem-blog-default-large.png\" width=\"854\" height=\"540\" class=\"img-responsive\" alt=\"IBC logo\" \/> <\/picture> <\/a><\/div><\/div> <div class=\"post-meta date-color\"> <div class=\"entry-meta clearfix gem-post-date\"> <div class=\"post-meta-right\"> <span class=\"comments-link\"><a href=\"https:\/\/www.ibcspain.com\/fr\/ibc-spain-estrena-su-web-corporativa\/#respond\">0<\/a><\/span> <\/div> <div class=\"post-meta-left\"> <span class=\"post-meta-author\">By Navin Khemlani<\/span> <\/div> <\/div><!-- .entry-meta --> <\/div> <div class=\"post-title\"> <h3 class=\"entry-title\"><a href=\"https:\/\/www.ibcspain.com\/fr\/ibc-spain-estrena-su-web-corporativa\/\" rel=\"bookmark\"><span class=\"entry-title-date\">09 F\u00e9v: <\/span><span class=\"light\">IBC Spain estrena su web corporativa<\/span><\/a><\/h3> <\/div> <div class=\"post-text\"> <div class=\"summary\"> <p>Nous pr\u00e9sentons notre nouveau site web avec un design et une architecture d&#8217;information optimis\u00e9e et r\u00e9active, soutenue par une image&#8230;<\/p> <\/div> <\/div> <div class=\"post-footer\"> <div class=\"post-footer-sharing\"><div class=\"gem-button-container gem-button-position-inline thegem-button-69f0f22fcde87332\" ><a class=\"gem-button gem-button-size-tiny gem-button-style-flat gem-button-text-weight-normal gem-button-empty\"data-ll-effect=\"drop-right-without-wrap\" style=\"border-radius: 3px;\" onmouseleave=\"\" onmouseenter=\"\" href=\"#\" target=\"_self\"><i class=\"gem-print-icon gem-icon-pack-thegem-icons gem-icon-share \"><\/i><\/a><\/div> <div class=\"sharing-popup\"> <div class=\"socials-sharing socials socials-colored-hover\"> <a class=\"socials-item\" target=\"_blank\" href=\"https:\/\/www.facebook.com\/sharer\/sharer.php?u=https%3A%2F%2Fwww.ibcspain.com%2Ffr%2Fibc-spain-estrena-su-web-corporativa%2F\" title=\"Facebook\"><i class=\"socials-item-icon facebook\"><\/i><\/a> <a class=\"socials-item\" target=\"_blank\" href=\"https:\/\/twitter.com\/intent\/tweet?text=IBC+Spain+estrena+su+web+corporativa&#038;url=https%3A%2F%2Fwww.ibcspain.com%2Ffr%2Fibc-spain-estrena-su-web-corporativa%2F\" title=\"Twitter\"><i class=\"socials-item-icon twitter\"><\/i><\/a> <a class=\"socials-item\" target=\"_blank\" href=\"https:\/\/pinterest.com\/pin\/create\/button\/?url=https%3A%2F%2Fwww.ibcspain.com%2Ffr%2Fibc-spain-estrena-su-web-corporativa%2F&#038;description=IBC+Spain+estrena+su+web+corporativa&#038;media=https%3A%2F%2Fwww.ibcspain.com%2Fwp-content%2Fuploads%2F2022%2F02%2FIBC-logo-thegem-blog-timeline-large.png\" title=\"Pinterest\"><i class=\"socials-item-icon pinterest\"><\/i><\/a> <a class=\"socials-item\" target=\"_blank\" href=\"http:\/\/tumblr.com\/widgets\/share\/tool?canonicalUrl=https%3A%2F%2Fwww.ibcspain.com%2Ffr%2Fibc-spain-estrena-su-web-corporativa%2F\" title=\"Tumblr\"><i class=\"socials-item-icon tumblr\"><\/i><\/a> <a class=\"socials-item\" target=\"_blank\" href=\"https:\/\/www.linkedin.com\/shareArticle?mini=true&#038;url=https%3A%2F%2Fwww.ibcspain.com%2Ffr%2Fibc-spain-estrena-su-web-corporativa%2F&#038;title=IBC+Spain+estrena+su+web+corporativa&amp;summary=Nous+pr%C3%A9sentons+notre+nouveau+site+web+avec+un+design+et+une+architecture+d%26%238217%3Binformation+optimis%C3%A9e+et+r%C3%A9active%2C+soutenue+par+une+image...\" title=\"LinkedIn\"><i class=\"socials-item-icon linkedin\"><\/i><\/a> <a class=\"socials-item\" target=\"_blank\" href=\"https:\/\/www.reddit.com\/submit?url=https%3A%2F%2Fwww.ibcspain.com%2Ffr%2Fibc-spain-estrena-su-web-corporativa%2F&#038;title=IBC+Spain+estrena+su+web+corporativa\" title=\"Reddit\"><i class=\"socials-item-icon reddit\"><\/i><\/a> <\/div> <svg class=\"sharing-styled-arrow\"><use xlink:href=\"https:\/\/www.ibcspain.com\/wp-content\/themes\/thegem\/css\/post-arrow.svg#dec-post-arrow\"><\/use><\/svg><\/div><\/div> <div class=\"post-read-more\"><div class=\"gem-button-container gem-button-position-inline thegem-button-69f0f22fd20867442\" ><a class=\"gem-button gem-button-size-tiny gem-button-style-outline gem-button-text-weight-normal gem-button-border-2\"data-ll-effect=\"drop-right-without-wrap\" style=\"border-radius: 3px;\" onmouseleave=\"\" onmouseenter=\"\" href=\"https:\/\/www.ibcspain.com\/fr\/ibc-spain-estrena-su-web-corporativa\/\" target=\"_self\">Read More<\/a><\/div> <\/div> <\/div> <\/div> <\/div> <\/article><!-- #post-24842 -->\n<\/div>[\/vc_column][\/vc_row]<\/p>\n<\/section>","protected":false},"excerpt":{"rendered":"<p>[vc_row][vc_column][\/vc_column][\/vc_row]<\/p>\n","protected":false},"author":1,"featured_media":0,"parent":0,"menu_order":5,"comment_status":"closed","ping_status":"closed","template":"","meta":{"footnotes":""},"class_list":["post-24821","page","type-page","status-publish"],"_links":{"self":[{"href":"https:\/\/www.ibcspain.com\/fr\/wp-json\/wp\/v2\/pages\/24821","targetHints":{"allow":["GET"]}}],"collection":[{"href":"https:\/\/www.ibcspain.com\/fr\/wp-json\/wp\/v2\/pages"}],"about":[{"href":"https:\/\/www.ibcspain.com\/fr\/wp-json\/wp\/v2\/types\/page"}],"author":[{"embeddable":true,"href":"https:\/\/www.ibcspain.com\/fr\/wp-json\/wp\/v2\/users\/1"}],"replies":[{"embeddable":true,"href":"https:\/\/www.ibcspain.com\/fr\/wp-json\/wp\/v2\/comments?post=24821"}],"version-history":[{"count":3,"href":"https:\/\/www.ibcspain.com\/fr\/wp-json\/wp\/v2\/pages\/24821\/revisions"}],"predecessor-version":[{"id":24824,"href":"https:\/\/www.ibcspain.com\/fr\/wp-json\/wp\/v2\/pages\/24821\/revisions\/24824"}],"wp:attachment":[{"href":"https:\/\/www.ibcspain.com\/fr\/wp-json\/wp\/v2\/media?parent=24821"}],"curies":[{"name":"wp","href":"https:\/\/api.w.org\/{rel}","templated":true}]}}